{"version":"1.0","provider_name":"Rally Turkey | WRC","provider_url":"https:\/\/www.rallyturkey.com\/tr","author_name":"rot","author_url":"https:\/\/www.rallyturkey.com\/tr\/author\/rot\/","title":"\u0130sve\u00e7 Rallisi'nde Zafer Thierry Neuville'in - Rally Turkey | WRC","type":"rich","width":600,"height":338,"html":"<blockquote class=\"wp-embedded-content\"><a href=\"https:\/\/www.rallyturkey.com\/tr\/haber\/isvec-rallisinde-zafer-thierry-neuvillein\/\">\u0130sve\u00e7 Rallisi&#8217;nde Zafer Thierry Neuville&#8217;in<\/a><\/blockquote>\n<script type='text\/javascript'>\n<!--\/\/--><![CDATA[\/\/><!--\n\t\t\/*! This file is auto-generated *\/\n\t\t!function(d,l){\"use strict\";var e=!1,n=!1;if(l.querySelector)if(d.addEventListener)e=!0;if(d.wp=d.wp||{},!d.wp.receiveEmbedMessage)if(d.wp.receiveEmbedMessage=function(e){var t=e.data;if(t)if(t.secret||t.message||t.value)if(!\/[^a-zA-Z0-9]\/.test(t.secret)){for(var r,i,a,s=l.querySelectorAll('iframe[data-secret=\"'+t.secret+'\"]'),n=l.querySelectorAll('blockquote[data-secret=\"'+t.secret+'\"]'),o=new RegExp(\"^https?:$\",\"i\"),c=0;c<n.length;c++)n[c].style.display=\"none\";for(c=0;c<s.length;c++)if(r=s[c],e.source===r.contentWindow){if(r.removeAttribute(\"style\"),\"height\"===t.message){if(1e3<(a=parseInt(t.value,10)))a=1e3;else if(~~a<200)a=200;r.height=a}if(\"link\"===t.message)if(i=l.createElement(\"a\"),a=l.createElement(\"a\"),i.href=r.getAttribute(\"src\"),a.href=t.value,o.test(a.protocol))if(a.host===i.host)if(l.activeElement===r)d.top.location.href=t.value}}},e)d.addEventListener(\"message\",d.wp.receiveEmbedMessage,!1),l.addEventListener(\"DOMContentLoaded\",t,!1),d.addEventListener(\"load\",t,!1);function t(){if(!n){n=!0;for(var e,t,r=-1!==navigator.appVersion.indexOf(\"MSIE 10\"),i=!!navigator.userAgent.match(\/Trident.*rv:11\\.\/),a=l.querySelectorAll(\"iframe.wp-embedded-content\"),s=0;s<a.length;s++){if(!(e=a[s]).getAttribute(\"data-secret\"))t=Math.random().toString(36).substr(2,10),e.src+=\"#?secret=\"+t,e.setAttribute(\"data-secret\",t);if(r||i)(t=e.cloneNode(!0)).removeAttribute(\"security\"),e.parentNode.replaceChild(t,e)}}}}(window,document);\n\/\/--><!]]>\n<\/script><iframe sandbox=\"allow-scripts\" security=\"restricted\" src=\"https:\/\/www.rallyturkey.com\/tr\/haber\/isvec-rallisinde-zafer-thierry-neuvillein\/embed\/\" width=\"600\" height=\"338\" title=\"&#8220;\u0130sve\u00e7 Rallisi&#8217;nde Zafer Thierry Neuville&#8217;in&#8221; &#8212; Rally Turkey | WRC\" frameborder=\"0\" marginwidth=\"0\" marginheight=\"0\" scrolling=\"no\" class=\"wp-embedded-content\"><\/iframe>","thumbnail_url":"https:\/\/www.rallyturkey.com\/wp-content\/uploads\/2018\/03\/wrc-rally-sweden-2018-thierry-neuville.jpg","thumbnail_width":768,"thumbnail_height":402,"description":"D\u00fcnyan\u0131n en \u00e7ok izlenen motor sporlar\u0131 organizasyonlar\u0131ndan biri olan D\u00fcnya Ralli \u015eampiyonas\u0131\u2019nda sezonun ikinci aya\u011f\u0131 \u0130sve\u00e7 Rallisi\u2019ni Red Bull sporcusu Thierry Neuville kazand\u0131. Bel\u00e7ikal\u0131 pilot, 314, 25 kilometre uzunlu\u011fundaki, 19 etaptan olu\u015fan m\u00fccadeleyi 2 saat 52 dakika 13.1 saniyede tamamlad\u0131. Neuville ayn\u0131 zamanda kar ve buzla kapl\u0131 zeminde d\u00fczenlenen \u0130sve\u00e7 Rallisi\u2019ni kazanan ve \u0130skandinav olmayan [&hellip;]"}