{"version":"1.0","provider_name":"Rally Turkey | WRC","provider_url":"https:\/\/www.rallyturkey.com\/tr","author_name":"rot","author_url":"https:\/\/www.rallyturkey.com\/tr\/author\/rot\/","title":"WRC 2018\u2019de Resmi Olarak T\u00fcrkiye\u00b4de - Rally Turkey | WRC","type":"rich","width":600,"height":338,"html":"<blockquote class=\"wp-embedded-content\"><a href=\"https:\/\/www.rallyturkey.com\/tr\/haber\/wrc-2018de-resmi-olarak-turkiyede\/\">WRC 2018\u2019de Resmi Olarak T\u00fcrkiye\u00b4de<\/a><\/blockquote>\n<script type='text\/javascript'>\n<!--\/\/--><![CDATA[\/\/><!--\n\t\t\/*! This file is auto-generated *\/\n\t\t!function(d,l){\"use strict\";var e=!1,n=!1;if(l.querySelector)if(d.addEventListener)e=!0;if(d.wp=d.wp||{},!d.wp.receiveEmbedMessage)if(d.wp.receiveEmbedMessage=function(e){var t=e.data;if(t)if(t.secret||t.message||t.value)if(!\/[^a-zA-Z0-9]\/.test(t.secret)){for(var r,i,a,s=l.querySelectorAll('iframe[data-secret=\"'+t.secret+'\"]'),n=l.querySelectorAll('blockquote[data-secret=\"'+t.secret+'\"]'),o=new RegExp(\"^https?:$\",\"i\"),c=0;c<n.length;c++)n[c].style.display=\"none\";for(c=0;c<s.length;c++)if(r=s[c],e.source===r.contentWindow){if(r.removeAttribute(\"style\"),\"height\"===t.message){if(1e3<(a=parseInt(t.value,10)))a=1e3;else if(~~a<200)a=200;r.height=a}if(\"link\"===t.message)if(i=l.createElement(\"a\"),a=l.createElement(\"a\"),i.href=r.getAttribute(\"src\"),a.href=t.value,o.test(a.protocol))if(a.host===i.host)if(l.activeElement===r)d.top.location.href=t.value}}},e)d.addEventListener(\"message\",d.wp.receiveEmbedMessage,!1),l.addEventListener(\"DOMContentLoaded\",t,!1),d.addEventListener(\"load\",t,!1);function t(){if(!n){n=!0;for(var e,t,r=-1!==navigator.appVersion.indexOf(\"MSIE 10\"),i=!!navigator.userAgent.match(\/Trident.*rv:11\\.\/),a=l.querySelectorAll(\"iframe.wp-embedded-content\"),s=0;s<a.length;s++){if(!(e=a[s]).getAttribute(\"data-secret\"))t=Math.random().toString(36).substr(2,10),e.src+=\"#?secret=\"+t,e.setAttribute(\"data-secret\",t);if(r||i)(t=e.cloneNode(!0)).removeAttribute(\"security\"),e.parentNode.replaceChild(t,e)}}}}(window,document);\n\/\/--><!]]>\n<\/script><iframe sandbox=\"allow-scripts\" security=\"restricted\" src=\"https:\/\/www.rallyturkey.com\/tr\/haber\/wrc-2018de-resmi-olarak-turkiyede\/embed\/\" width=\"600\" height=\"338\" title=\"&#8220;WRC 2018\u2019de Resmi Olarak T\u00fcrkiye\u00b4de&#8221; &#8212; Rally Turkey | WRC\" frameborder=\"0\" marginwidth=\"0\" marginheight=\"0\" scrolling=\"no\" class=\"wp-embedded-content\"><\/iframe>","thumbnail_url":"https:\/\/www.rallyturkey.com\/wp-content\/uploads\/2018\/02\/wrc-2018-turkiye.jpg","thumbnail_width":768,"thumbnail_height":402,"description":"Uluslararas\u0131 Otomobil Sporlar\u0131 Federasyonu FIA\u2019n\u0131n ralli komisyonu, \u00fclkemizin e\u015fsiz tatil beldesi Marmaris\u2019te hafta sonu ger\u00e7ekle\u015fen Marmaris Rallisi\u2019nin 2018\u2019de D\u00fcnya Ralli \u015eampiyonas\u0131\u2019na dahil edildi\u011fini resmi olarak a\u00e7\u0131klad\u0131\u2026 T\u00fcrkiye, 13 yar\u0131\u015ftan olu\u015fan takvimin 10. yar\u0131\u015f\u0131 olarak 13-16 Eyl\u00fcl tarihlerinde Mu\u011fla ve \u00e7evresinde ger\u00e7ekle\u015ftirilecek.\u200b FIA Ralli Komisyonu Ba\u015fkan\u0131 Jarmo Mahonen ve FIA G\u00fcvenlik Delegesi Mich\u00e8le Mouton\u2019un yan\u0131 s\u0131ra [&hellip;]"}